{"id":2339,"date":"2021-03-15T14:25:58","date_gmt":"2021-03-15T19:25:58","guid":{"rendered":"https:\/\/www.igp.gob.pe\/observatorios\/radio-observatorio-jicamarca\/?page_id=2339"},"modified":"2021-05-24T15:51:16","modified_gmt":"2021-05-24T20:51:16","slug":"radares-antarticos","status":"publish","type":"page","link":"https:\/\/www.igp.gob.pe\/observatorios\/radio-observatorio-jicamarca\/?page_id=2339","title":{"rendered":"RADARES ANT\u00c1RTICOS"},"content":{"rendered":"\t\t<div data-elementor-type=\"wp-page\" data-elementor-id=\"2339\" class=\"elementor elementor-2339\" data-elementor-settings=\"[]\">\n\t\t\t\t\t\t<div class=\"elementor-inner\">\n\t\t\t\t\t\t\t<div class=\"elementor-section-wrap\">\n\t\t\t\t\t\t\t<section class=\"elementor-section elementor-top-section elementor-element elementor-element-c4620d1 elementor-section-stretched elementor-section-boxed elementor-section-height-default elementor-section-height-default\" data-id=\"c4620d1\" data-element_type=\"section\" data-settings=\"{&quot;stretch_section&quot;:&quot;section-stretched&quot;}\">\n\t\t\t\t\t\t<div class=\"elementor-container elementor-column-gap-default\">\n\t\t\t\t\t\t\t<div class=\"elementor-row\">\n\t\t\t\t\t<div class=\"elementor-column elementor-col-100 elementor-top-column elementor-element elementor-element-497aab02\" data-id=\"497aab02\" data-element_type=\"column\">\n\t\t\t<div class=\"elementor-column-wrap elementor-element-populated\">\n\t\t\t\t\t\t\t<div class=\"elementor-widget-wrap\">\n\t\t\t\t\t\t<div class=\"elementor-element elementor-element-6df4bd9f elementor-widget elementor-widget-text-editor\" data-id=\"6df4bd9f\" data-element_type=\"widget\" data-widget_type=\"text-editor.default\">\n\t\t\t\t<div class=\"elementor-widget-container\">\n\t\t\t\t\t<div class=\"elementor-text-editor elementor-clearfix\"><p>ACTIVIDADES DE RADAR ANT\u00c1RTICO PERUANO<\/p><\/div>\n\t\t\t\t<\/div>\n\t\t\t\t<\/div>\n\t\t\t\t\t\t<\/div>\n\t\t\t\t\t<\/div>\n\t\t<\/div>\n\t\t\t\t\t\t\t\t<\/div>\n\t\t\t\t\t<\/div>\n\t\t<\/section>\n\t\t\t\t<section class=\"elementor-section elementor-top-section elementor-element elementor-element-7c626904 elementor-section-stretched elementor-section-boxed elementor-section-height-default elementor-section-height-default\" data-id=\"7c626904\" data-element_type=\"section\" data-settings=\"{&quot;stretch_section&quot;:&quot;section-stretched&quot;}\">\n\t\t\t\t\t\t<div class=\"elementor-container elementor-column-gap-default\">\n\t\t\t\t\t\t\t<div class=\"elementor-row\">\n\t\t\t\t\t<div class=\"elementor-column elementor-col-50 elementor-top-column elementor-element elementor-element-1be186e6\" data-id=\"1be186e6\" data-element_type=\"column\">\n\t\t\t<div class=\"elementor-column-wrap elementor-element-populated\">\n\t\t\t\t\t\t\t<div class=\"elementor-widget-wrap\">\n\t\t\t\t\t\t<div class=\"elementor-element elementor-element-794222d3 elementor-widget elementor-widget-image\" data-id=\"794222d3\" data-element_type=\"widget\" data-widget_type=\"image.default\">\n\t\t\t\t<div class=\"elementor-widget-container\">\n\t\t\t\t\t<div class=\"elementor-image\">\n\t\t\t\t\t\t\t\t\t\t<img loading=\"lazy\" decoding=\"async\" width=\"250\" height=\"165\" src=\"https:\/\/www.igp.gob.pe\/observatorios\/radio-observatorio-jicamarca\/wp-content\/uploads\/2021\/01\/antar-base_sm.jpg\" class=\"attachment-full size-full\" alt=\"\" \/>\t\t\t\t\t\t\t\t\t\t\t<\/div>\n\t\t\t\t<\/div>\n\t\t\t\t<\/div>\n\t\t\t\t<div class=\"elementor-element elementor-element-f1b5125 elementor-widget elementor-widget-text-editor\" data-id=\"f1b5125\" data-element_type=\"widget\" data-widget_type=\"text-editor.default\">\n\t\t\t\t<div class=\"elementor-widget-container\">\n\t\t\t\t\t<div class=\"elementor-text-editor elementor-clearfix\"><p style=\"text-align: center;\"><a href=\"\/jro\/?page_id=366\">Estaci\u00f3n peruana Machu-Picchu<\/a><\/p><\/div>\n\t\t\t\t<\/div>\n\t\t\t\t<\/div>\n\t\t\t\t\t\t<\/div>\n\t\t\t\t\t<\/div>\n\t\t<\/div>\n\t\t\t\t<div class=\"elementor-column elementor-col-50 elementor-top-column elementor-element elementor-element-ce6743f\" data-id=\"ce6743f\" data-element_type=\"column\">\n\t\t\t<div class=\"elementor-column-wrap elementor-element-populated\">\n\t\t\t\t\t\t\t<div class=\"elementor-widget-wrap\">\n\t\t\t\t\t\t<div class=\"elementor-element elementor-element-2f18cf2 elementor-widget elementor-widget-image\" data-id=\"2f18cf2\" data-element_type=\"widget\" data-widget_type=\"image.default\">\n\t\t\t\t<div class=\"elementor-widget-container\">\n\t\t\t\t\t<div class=\"elementor-image\">\n\t\t\t\t\t\t\t\t\t\t<img loading=\"lazy\" decoding=\"async\" width=\"250\" height=\"165\" src=\"https:\/\/www.igp.gob.pe\/observatorios\/radio-observatorio-jicamarca\/wp-content\/uploads\/2021\/01\/hb_broadside_sm.jpg\" class=\"attachment-full size-full\" alt=\"\" \/>\t\t\t\t\t\t\t\t\t\t\t<\/div>\n\t\t\t\t<\/div>\n\t\t\t\t<\/div>\n\t\t\t\t<div class=\"elementor-element elementor-element-9d1e205 elementor-widget elementor-widget-text-editor\" data-id=\"9d1e205\" data-element_type=\"widget\" data-widget_type=\"text-editor.default\">\n\t\t\t\t<div class=\"elementor-widget-container\">\n\t\t\t\t\t<div class=\"elementor-text-editor elementor-clearfix\"><p style=\"text-align: center;\"><a href=\"\/jro\/?page_id=395\">Radar VHF a bordo del buque \u00abHumboldt\u00bb<\/a><\/p><\/div>\n\t\t\t\t<\/div>\n\t\t\t\t<\/div>\n\t\t\t\t\t\t<\/div>\n\t\t\t\t\t<\/div>\n\t\t<\/div>\n\t\t\t\t\t\t\t\t<\/div>\n\t\t\t\t\t<\/div>\n\t\t<\/section>\n\t\t\t\t<section class=\"elementor-section elementor-top-section elementor-element elementor-element-35adbeb elementor-section-stretched elementor-section-boxed elementor-section-height-default elementor-section-height-default\" data-id=\"35adbeb\" data-element_type=\"section\" data-settings=\"{&quot;stretch_section&quot;:&quot;section-stretched&quot;}\">\n\t\t\t\t\t\t<div class=\"elementor-container elementor-column-gap-default\">\n\t\t\t\t\t\t\t<div class=\"elementor-row\">\n\t\t\t\t\t<div class=\"elementor-column elementor-col-50 elementor-top-column elementor-element elementor-element-cf20cec\" data-id=\"cf20cec\" data-element_type=\"column\">\n\t\t\t<div class=\"elementor-column-wrap elementor-element-populated\">\n\t\t\t\t\t\t\t<div class=\"elementor-widget-wrap\">\n\t\t\t\t\t\t<div class=\"elementor-element elementor-element-7a9892e elementor-widget elementor-widget-text-editor\" data-id=\"7a9892e\" data-element_type=\"widget\" data-widget_type=\"text-editor.default\">\n\t\t\t\t<div class=\"elementor-widget-container\">\n\t\t\t\t\t<div class=\"elementor-text-editor elementor-clearfix\"><p><a href=\"\/jro\/?page_id=2363\">Personal cient\u00edfico e ingeniero<\/a><span><\/span><\/p><p>Campa\u00f1as de verano ant\u00e1rtico<\/p><ul><li><p align=\"left\">ANTAR V (94 &#8211; 95)<\/p><\/li><li><p align=\"left\"><a href=\"\/jro\/?page_id=2374\">ANTAR VIII (96 &#8211; 97)<\/a><\/p><\/li><li><p align=\"left\"><a href=\"\/jro\/?page_id=2393\">ANTAR IX (97 &#8211; 98)<\/a><\/p><\/li><li><p align=\"left\"><a href=\"\/jro\/?page_id=2433\">ANTAR X (98 &#8211; 99)<\/a><\/p><\/li><li><p align=\"left\">ANTAR XII (00 &#8211; 01)<\/p><\/li><\/ul><\/div>\n\t\t\t\t<\/div>\n\t\t\t\t<\/div>\n\t\t\t\t\t\t<\/div>\n\t\t\t\t\t<\/div>\n\t\t<\/div>\n\t\t\t\t<div class=\"elementor-column elementor-col-50 elementor-top-column elementor-element elementor-element-c509a87\" data-id=\"c509a87\" data-element_type=\"column\">\n\t\t\t<div class=\"elementor-column-wrap elementor-element-populated\">\n\t\t\t\t\t\t\t<div class=\"elementor-widget-wrap\">\n\t\t\t\t\t\t<div class=\"elementor-element elementor-element-3b94b10 elementor-widget elementor-widget-image\" data-id=\"3b94b10\" data-element_type=\"widget\" data-widget_type=\"image.default\">\n\t\t\t\t<div class=\"elementor-widget-container\">\n\t\t\t\t\t<div class=\"elementor-image\">\n\t\t\t\t\t\t\t\t\t\t<img loading=\"lazy\" decoding=\"async\" width=\"200\" height=\"135\" src=\"https:\/\/www.igp.gob.pe\/observatorios\/radio-observatorio-jicamarca\/wp-content\/uploads\/2021\/01\/team_sm.jpg\" class=\"attachment-large size-large\" alt=\"\" \/>\t\t\t\t\t\t\t\t\t\t\t<\/div>\n\t\t\t\t<\/div>\n\t\t\t\t<\/div>\n\t\t\t\t\t\t<\/div>\n\t\t\t\t\t<\/div>\n\t\t<\/div>\n\t\t\t\t\t\t\t\t<\/div>\n\t\t\t\t\t<\/div>\n\t\t<\/section>\n\t\t\t\t\t\t<\/div>\n\t\t\t\t\t\t<\/div>\n\t\t\t\t\t<\/div>\n\t\t","protected":false},"excerpt":{"rendered":"<p>ACTIVIDADES DE RADAR ANT\u00c1RTICO PERUANO Estaci\u00f3n peruana Machu-Picchu Radar VHF a bordo del buque \u00abHumboldt\u00bb Personal cient\u00edfico e ingeniero Campa\u00f1as de verano ant\u00e1rtico ANTAR V (94 &#8211; 95) ANTAR VIII (96 &#8211; 97) ANTAR IX (97 &#8211; 98) ANTAR X (98 &#8211; 99) ANTAR XII (00 &#8211; 01)<\/p>\n","protected":false},"author":1,"featured_media":0,"parent":6071,"menu_order":0,"comment_status":"closed","ping_status":"closed","template":"page-templates\/template-fullwidth.php","meta":{"footnotes":""},"class_list":["post-2339","page","type-page","status-publish","hentry"],"jetpack_sharing_enabled":true,"_links":{"self":[{"href":"https:\/\/www.igp.gob.pe\/observatorios\/radio-observatorio-jicamarca\/index.php?rest_route=\/wp\/v2\/pages\/2339","targetHints":{"allow":["GET"]}}],"collection":[{"href":"https:\/\/www.igp.gob.pe\/observatorios\/radio-observatorio-jicamarca\/index.php?rest_route=\/wp\/v2\/pages"}],"about":[{"href":"https:\/\/www.igp.gob.pe\/observatorios\/radio-observatorio-jicamarca\/index.php?rest_route=\/wp\/v2\/types\/page"}],"author":[{"embeddable":true,"href":"https:\/\/www.igp.gob.pe\/observatorios\/radio-observatorio-jicamarca\/index.php?rest_route=\/wp\/v2\/users\/1"}],"replies":[{"embeddable":true,"href":"https:\/\/www.igp.gob.pe\/observatorios\/radio-observatorio-jicamarca\/index.php?rest_route=%2Fwp%2Fv2%2Fcomments&post=2339"}],"version-history":[{"count":30,"href":"https:\/\/www.igp.gob.pe\/observatorios\/radio-observatorio-jicamarca\/index.php?rest_route=\/wp\/v2\/pages\/2339\/revisions"}],"predecessor-version":[{"id":6073,"href":"https:\/\/www.igp.gob.pe\/observatorios\/radio-observatorio-jicamarca\/index.php?rest_route=\/wp\/v2\/pages\/2339\/revisions\/6073"}],"up":[{"embeddable":true,"href":"https:\/\/www.igp.gob.pe\/observatorios\/radio-observatorio-jicamarca\/index.php?rest_route=\/wp\/v2\/pages\/6071"}],"wp:attachment":[{"href":"https:\/\/www.igp.gob.pe\/observatorios\/radio-observatorio-jicamarca\/index.php?rest_route=%2Fwp%2Fv2%2Fmedia&parent=2339"}],"curies":[{"name":"wp","href":"https:\/\/api.w.org\/{rel}","templated":true}]}}