{"id":2125,"date":"2021-03-10T09:23:17","date_gmt":"2021-03-10T14:23:17","guid":{"rendered":"https:\/\/www.igp.gob.pe\/observatorios\/radio-observatorio-jicamarca\/?page_id=2125"},"modified":"2025-11-20T16:15:35","modified_gmt":"2025-11-20T21:15:35","slug":"geoespacio","status":"publish","type":"page","link":"https:\/\/www.igp.gob.pe\/observatorios\/radio-observatorio-jicamarca\/?page_id=2125","title":{"rendered":"GEOESPACIO"},"content":{"rendered":"\t\t<div data-elementor-type=\"wp-page\" data-elementor-id=\"2125\" class=\"elementor elementor-2125\" data-elementor-settings=\"[]\">\n\t\t\t\t\t\t<div class=\"elementor-inner\">\n\t\t\t\t\t\t\t<div class=\"elementor-section-wrap\">\n\t\t\t\t\t\t\t<section class=\"elementor-section elementor-top-section elementor-element elementor-element-95d5cd1 elementor-section-boxed elementor-section-height-default elementor-section-height-default\" data-id=\"95d5cd1\" data-element_type=\"section\">\n\t\t\t\t\t\t<div class=\"elementor-container elementor-column-gap-default\">\n\t\t\t\t\t\t\t<div class=\"elementor-row\">\n\t\t\t\t\t<div class=\"elementor-column elementor-col-100 elementor-top-column elementor-element elementor-element-cd44d83\" data-id=\"cd44d83\" data-element_type=\"column\">\n\t\t\t<div class=\"elementor-column-wrap elementor-element-populated\">\n\t\t\t\t\t\t\t<div class=\"elementor-widget-wrap\">\n\t\t\t\t\t\t<div class=\"elementor-element elementor-element-e45d0d7 elementor--h-position-center elementor--v-position-middle elementor-pagination-position-inside elementor-widget elementor-widget-slides\" data-id=\"e45d0d7\" data-element_type=\"widget\" data-settings=\"{&quot;navigation&quot;:&quot;dots&quot;,&quot;autoplay&quot;:&quot;yes&quot;,&quot;pause_on_hover&quot;:&quot;yes&quot;,&quot;pause_on_interaction&quot;:&quot;yes&quot;,&quot;autoplay_speed&quot;:5000,&quot;infinite&quot;:&quot;yes&quot;,&quot;transition&quot;:&quot;slide&quot;,&quot;transition_speed&quot;:500}\" data-widget_type=\"slides.default\">\n\t\t\t\t<div class=\"elementor-widget-container\">\n\t\t\t\t\t<div class=\"elementor-swiper\">\n\t\t\t<div class=\"elementor-slides-wrapper elementor-main-swiper swiper-container\" dir=\"ltr\" data-animation=\"\">\n\t\t\t\t<div class=\"swiper-wrapper elementor-slides\">\n\t\t\t\t\t<div class=\"elementor-repeater-item-49702dd swiper-slide\"><div class=\"swiper-slide-bg\"><\/div><div class=\"swiper-slide-inner\" ><div class=\"swiper-slide-contents\"><div class=\"elementor-slide-heading\">Geoespacio<\/div><div class=\"elementor-slide-description\">Fen\u00f3menos que ocurren en las capas superiores.\n<br>\no de la atm\u00f3sfera de la Tierra<\/div><\/div><\/div><\/div>\t\t\t\t<\/div>\n\t\t\t\t\t\t\t<\/div>\n\t\t<\/div>\n\t\t\t\t<\/div>\n\t\t\t\t<\/div>\n\t\t\t\t\t\t<\/div>\n\t\t\t\t\t<\/div>\n\t\t<\/div>\n\t\t\t\t\t\t\t\t<\/div>\n\t\t\t\t\t<\/div>\n\t\t<\/section>\n\t\t\t\t<section class=\"elementor-section elementor-top-section elementor-element elementor-element-8654e0a elementor-section-boxed elementor-section-height-default elementor-section-height-default\" data-id=\"8654e0a\" data-element_type=\"section\">\n\t\t\t\t\t\t<div class=\"elementor-container elementor-column-gap-default\">\n\t\t\t\t\t\t\t<div class=\"elementor-row\">\n\t\t\t\t\t<div class=\"elementor-column elementor-col-100 elementor-top-column elementor-element elementor-element-87a55c6\" data-id=\"87a55c6\" data-element_type=\"column\">\n\t\t\t<div class=\"elementor-column-wrap elementor-element-populated\">\n\t\t\t\t\t\t\t<div class=\"elementor-widget-wrap\">\n\t\t\t\t\t\t<div class=\"elementor-element elementor-element-0a3bb01 elementor-widget elementor-widget-text-editor\" data-id=\"0a3bb01\" data-element_type=\"widget\" data-widget_type=\"text-editor.default\">\n\t\t\t\t<div class=\"elementor-widget-container\">\n\t\t\t\t\t<div class=\"elementor-text-editor elementor-clearfix\"><p style=\"text-align: left;\">SOBRE GEOESPACIO <\/p><\/div>\n\t\t\t\t<\/div>\n\t\t\t\t<\/div>\n\t\t\t\t\t\t<\/div>\n\t\t\t\t\t<\/div>\n\t\t<\/div>\n\t\t\t\t\t\t\t\t<\/div>\n\t\t\t\t\t<\/div>\n\t\t<\/section>\n\t\t\t\t<section class=\"elementor-section elementor-top-section elementor-element elementor-element-f2d6bbc elementor-section-boxed elementor-section-height-default elementor-section-height-default\" data-id=\"f2d6bbc\" data-element_type=\"section\">\n\t\t\t\t\t\t<div class=\"elementor-container elementor-column-gap-default\">\n\t\t\t\t\t\t\t<div class=\"elementor-row\">\n\t\t\t\t\t<div class=\"elementor-column elementor-col-100 elementor-top-column elementor-element elementor-element-00de23d\" data-id=\"00de23d\" data-element_type=\"column\">\n\t\t\t<div class=\"elementor-column-wrap elementor-element-populated\">\n\t\t\t\t\t\t\t<div class=\"elementor-widget-wrap\">\n\t\t\t\t\t\t<div class=\"elementor-element elementor-element-b7c0ce8 elementor-widget elementor-widget-text-editor\" data-id=\"b7c0ce8\" data-element_type=\"widget\" data-widget_type=\"text-editor.default\">\n\t\t\t\t<div class=\"elementor-widget-container\">\n\t\t\t\t\t<div class=\"elementor-text-editor elementor-clearfix\"><p>El programa de Ciencias del Geoespacio tiene por objetivo generar conocimiento cient\u00edfico sobre los fen\u00f3menos que ocurren en las capas m\u00e1s altas de la atm\u00f3sfera terrestre en la regi\u00f3n ecuatorial y en el espacio que rodea la Tierra, a fin de entender su origen y din\u00e1mica. Estos estudios nos van a permitir modelar la formaci\u00f3n de estos fen\u00f3menos y generar pron\u00f3sticos de su ocurrencia e impacto en los medios de vida de los peruanos. <\/p><\/div>\n\t\t\t\t<\/div>\n\t\t\t\t<\/div>\n\t\t\t\t\t\t<\/div>\n\t\t\t\t\t<\/div>\n\t\t<\/div>\n\t\t\t\t\t\t\t\t<\/div>\n\t\t\t\t\t<\/div>\n\t\t<\/section>\n\t\t\t\t<section class=\"elementor-section elementor-top-section elementor-element elementor-element-3ac019e elementor-section-boxed elementor-section-height-default elementor-section-height-default\" data-id=\"3ac019e\" data-element_type=\"section\">\n\t\t\t\t\t\t<div class=\"elementor-container elementor-column-gap-default\">\n\t\t\t\t\t\t\t<div class=\"elementor-row\">\n\t\t\t\t\t<div class=\"elementor-column elementor-col-100 elementor-top-column elementor-element elementor-element-42b1280\" data-id=\"42b1280\" data-element_type=\"column\">\n\t\t\t<div class=\"elementor-column-wrap elementor-element-populated\">\n\t\t\t\t\t\t\t<div class=\"elementor-widget-wrap\">\n\t\t\t\t\t\t<div class=\"elementor-element elementor-element-4814b86 elementor-widget elementor-widget-text-editor\" data-id=\"4814b86\" data-element_type=\"widget\" data-widget_type=\"text-editor.default\">\n\t\t\t\t<div class=\"elementor-widget-container\">\n\t\t\t\t\t<div class=\"elementor-text-editor elementor-clearfix\"><p style=\"text-align: left;\">CONOCER M\u00c1S <\/p><\/div>\n\t\t\t\t<\/div>\n\t\t\t\t<\/div>\n\t\t\t\t\t\t<\/div>\n\t\t\t\t\t<\/div>\n\t\t<\/div>\n\t\t\t\t\t\t\t\t<\/div>\n\t\t\t\t\t<\/div>\n\t\t<\/section>\n\t\t\t\t<section class=\"elementor-section elementor-top-section elementor-element elementor-element-9e54a11 elementor-section-boxed elementor-section-height-default elementor-section-height-default\" data-id=\"9e54a11\" data-element_type=\"section\">\n\t\t\t\t\t\t<div class=\"elementor-container elementor-column-gap-default\">\n\t\t\t\t\t\t\t<div class=\"elementor-row\">\n\t\t\t\t\t<div class=\"elementor-column elementor-col-100 elementor-top-column elementor-element elementor-element-efe0fa5\" data-id=\"efe0fa5\" data-element_type=\"column\">\n\t\t\t<div class=\"elementor-column-wrap elementor-element-populated\">\n\t\t\t\t\t\t\t<div class=\"elementor-widget-wrap\">\n\t\t\t\t\t\t<div class=\"elementor-element elementor-element-529efe4 elementor-widget elementor-widget-text-editor\" data-id=\"529efe4\" data-element_type=\"widget\" data-widget_type=\"text-editor.default\">\n\t\t\t\t<div class=\"elementor-widget-container\">\n\t\t\t\t\t<div class=\"elementor-text-editor elementor-clearfix\"><p>Para realizar estas investigaciones, contamos con instrumentaci\u00f3n y facilidades cient\u00edficas adecuadas para la observaci\u00f3n y monitoreo de los fen\u00f3menos en la alta atm\u00f3sfera y el espacio, los cuales generan datos e informaci\u00f3n de calidad adecuados para el estudio de estas regiones. Entre estos instrumentos destaca el radar ionosf\u00e9rico o de dispersi\u00f3n incoherente m\u00e1s grande y potente del mundo ubicado en el ROJ. Con este poderoso radar se realizan mediciones de los diferentes par\u00e1metros f\u00edsicos de la ion\u00f3sfera y observaciones de los fen\u00f3menos que ocurren en ella cubriendo regiones desde los 60 km hasta los 2000 km de altura.<\/p><\/div>\n\t\t\t\t<\/div>\n\t\t\t\t<\/div>\n\t\t\t\t\t\t<\/div>\n\t\t\t\t\t<\/div>\n\t\t<\/div>\n\t\t\t\t\t\t\t\t<\/div>\n\t\t\t\t\t<\/div>\n\t\t<\/section>\n\t\t\t\t<section class=\"elementor-section elementor-top-section elementor-element elementor-element-76dff4e elementor-section-boxed elementor-section-height-default elementor-section-height-default\" data-id=\"76dff4e\" data-element_type=\"section\">\n\t\t\t\t\t\t<div class=\"elementor-container elementor-column-gap-default\">\n\t\t\t\t\t\t\t<div class=\"elementor-row\">\n\t\t\t\t\t<div class=\"elementor-column elementor-col-50 elementor-top-column elementor-element elementor-element-a24f310\" data-id=\"a24f310\" data-element_type=\"column\">\n\t\t\t<div class=\"elementor-column-wrap elementor-element-populated\">\n\t\t\t\t\t\t\t<div class=\"elementor-widget-wrap\">\n\t\t\t\t\t\t<div class=\"elementor-element elementor-element-9c44f49 elementor-widget elementor-widget-html\" data-id=\"9c44f49\" data-element_type=\"widget\" data-widget_type=\"html.default\">\n\t\t\t\t<div class=\"elementor-widget-container\">\n\t\t\t<!-- Importar Material Icons -->\n<link href=\"https:\/\/fonts.googleapis.com\/icon?family=Material+Icons\" rel=\"stylesheet\">\n\n<style>\n  .aero-section {\n    text-align: center;\n    max-width: 500px;\n    width: 100%;\n    margin: 0 auto;\n    font-family: 'Futura', sans-serif;\n    position: relative;\n  }\n\n  .aero-line {\n    height: 3px;\n    background: #0000af;\n    position: absolute;\n    top: 20px;\n    left: 0;\n    width: 50%;\n    z-index: 0;\n  }\n  \n\n\n  .aero-title-badge {\n    display: inline-block;\n    background-color: #0000af;\n    color: white;\n    padding: 6px 60px;\n    border-radius: 30px;\n    font-weight: bold;\n    font-size: 16px;\n    position: relative;\n    z-index: 1;\n    margin-bottom: 20px;\n  }\n\n\n  @media (max-width: 768px) {\n    .aero-line {\n      display: none;\n    }\n    .aero-line2 {\n      display: none;\n    }\n  }\n<\/style>\n\n<!-- HTML del contenido -->\n<div class=\"aero-line\"><\/div>\n\n<div class=\"aero-section\">\n  <div class=\"aero-title-badge\">OBJETIVOS<\/div>\n<\/div>\n \n  \n\t\t<\/div>\n\t\t\t\t<\/div>\n\t\t\t\t<div class=\"elementor-element elementor-element-486e6ae elementor-widget elementor-widget-text-editor\" data-id=\"486e6ae\" data-element_type=\"widget\" data-widget_type=\"text-editor.default\">\n\t\t\t\t<div class=\"elementor-widget-container\">\n\t\t\t\t\t<div class=\"elementor-text-editor elementor-clearfix\">&#8226; Generar conocimiento cient\u00edfico sobre los fen\u00f3menos que ocurren en las capas m\u00e1s altas de la atm\u00f3sfera terrestre (particularmente en la ionosfera ecuatorial) y en el espacio que rodea la Tierra.\n<br>\n&#8226; Desarrollar modelos f\u00edsicos o estad\u00edsticos sobre la formaci\u00f3n y din\u00e1mica de los fen\u00f3menos de la alta atm\u00f3sfera que permitan eventualmente generar pron\u00f3sticos sobre su ocurrencia.\n<br>\n&#8226; Promover la formaci\u00f3n de conciencia en la sociedad sobre la variabilidad del clima espacial y los efectos que estos fen\u00f3menos pueden tener sobre los medios de vida de las personas.\n<\/div>\n\t\t\t\t<\/div>\n\t\t\t\t<\/div>\n\t\t\t\t\t\t<\/div>\n\t\t\t\t\t<\/div>\n\t\t<\/div>\n\t\t\t\t<div class=\"elementor-column elementor-col-50 elementor-top-column elementor-element elementor-element-a3b50ce\" data-id=\"a3b50ce\" data-element_type=\"column\">\n\t\t\t<div class=\"elementor-column-wrap elementor-element-populated\">\n\t\t\t\t\t\t\t<div class=\"elementor-widget-wrap\">\n\t\t\t\t\t\t<div class=\"elementor-element elementor-element-b08ce0c elementor-widget elementor-widget-html\" data-id=\"b08ce0c\" data-element_type=\"widget\" data-widget_type=\"html.default\">\n\t\t\t\t<div class=\"elementor-widget-container\">\n\t\t\t<!-- Importar Material Icons -->\n<link href=\"https:\/\/fonts.googleapis.com\/icon?family=Material+Icons\" rel=\"stylesheet\">\n\n<style>\n  .aero-section {\n    text-align: center;\n    max-width: 500px;\n    width: 100%;\n    margin: 0 auto;\n    font-family: 'Futura', sans-serif;\n    position: relative;\n  }\n\n  .aero-line2 {\n    height: 3px;\n    background: #0000af;\n    position: absolute;\n    top: 20px;\n    right: 0;\n    width: 50%;\n    z-index: 0;\n  }\n  \n\n\n  .aero-title-badge {\n    display: inline-block;\n    background-color: #0000af;\n    color: white;\n    padding: 6px 60px;\n    border-radius: 30px;\n    font-weight: bold;\n    font-size: 16px;\n    position: relative;\n    z-index: 1;\n    margin-bottom: 20px;\n  }\n\n\n  @media (max-width: 768px) {\n    .aero-line2 {\n      display: none;\n    }\n\n  }\n<\/style>\n\n<!-- HTML del contenido -->\n<div class=\"aero-line2\"><\/div>\n\n<div class=\"aero-section\">\n  <div class=\"aero-title-badge\">FUNCTIONS<\/div>\n<\/div>\n \n  \n\t\t<\/div>\n\t\t\t\t<\/div>\n\t\t\t\t<div class=\"elementor-element elementor-element-7283cb3 elementor-widget elementor-widget-text-editor\" data-id=\"7283cb3\" data-element_type=\"widget\" data-widget_type=\"text-editor.default\">\n\t\t\t\t<div class=\"elementor-widget-container\">\n\t\t\t\t\t<div class=\"elementor-text-editor elementor-clearfix\">&#8226; Realizar estudios cient\u00edficos sobre los fen\u00f3menos que ocurren en las capas altas de nuestra atm\u00f3sfera (particularmente en la ion\u00f3sfera ecuatorial) y en el espacio que rodea la Tierra.\n<br>\n&#8226; Monitorear y observar la alta atm\u00f3sfera ecuatorial a trav\u00e9s de mediciones de los diferentes par\u00e1metros f\u00edsicos de la ion\u00f3sfera y observaciones de los fen\u00f3menos que ocurren en ella cubriendo regiones desde los 60 km hasta los 2000 km de altura.\n<br>\n&#8226; Realizar observaciones de meteoros y otros cuerpos celestes con el fin de complementar los estudios y observaciones del comportamiento del clima espacial.<\/div>\n\t\t\t\t<\/div>\n\t\t\t\t<\/div>\n\t\t\t\t\t\t<\/div>\n\t\t\t\t\t<\/div>\n\t\t<\/div>\n\t\t\t\t\t\t\t\t<\/div>\n\t\t\t\t\t<\/div>\n\t\t<\/section>\n\t\t\t\t\t\t<\/div>\n\t\t\t\t\t\t<\/div>\n\t\t\t\t\t<\/div>\n\t\t","protected":false},"excerpt":{"rendered":"<p>GeoespacioFen\u00f3menos que ocurren en las capas superiores. o de la atm\u00f3sfera de la Tierra SOBRE GEOESPACIO El programa de Ciencias del Geoespacio tiene por objetivo generar conocimiento cient\u00edfico sobre los fen\u00f3menos que ocurren en las capas m\u00e1s altas de la atm\u00f3sfera terrestre en la regi\u00f3n ecuatorial y en el espacio [&hellip;]<\/p>\n","protected":false},"author":1,"featured_media":0,"parent":2361,"menu_order":0,"comment_status":"closed","ping_status":"closed","template":"page-templates\/template-fullwidth.php","meta":{"footnotes":""},"class_list":["post-2125","page","type-page","status-publish","hentry"],"jetpack_sharing_enabled":true,"_links":{"self":[{"href":"https:\/\/www.igp.gob.pe\/observatorios\/radio-observatorio-jicamarca\/index.php?rest_route=\/wp\/v2\/pages\/2125","targetHints":{"allow":["GET"]}}],"collection":[{"href":"https:\/\/www.igp.gob.pe\/observatorios\/radio-observatorio-jicamarca\/index.php?rest_route=\/wp\/v2\/pages"}],"about":[{"href":"https:\/\/www.igp.gob.pe\/observatorios\/radio-observatorio-jicamarca\/index.php?rest_route=\/wp\/v2\/types\/page"}],"author":[{"embeddable":true,"href":"https:\/\/www.igp.gob.pe\/observatorios\/radio-observatorio-jicamarca\/index.php?rest_route=\/wp\/v2\/users\/1"}],"replies":[{"embeddable":true,"href":"https:\/\/www.igp.gob.pe\/observatorios\/radio-observatorio-jicamarca\/index.php?rest_route=%2Fwp%2Fv2%2Fcomments&post=2125"}],"version-history":[{"count":58,"href":"https:\/\/www.igp.gob.pe\/observatorios\/radio-observatorio-jicamarca\/index.php?rest_route=\/wp\/v2\/pages\/2125\/revisions"}],"predecessor-version":[{"id":14734,"href":"https:\/\/www.igp.gob.pe\/observatorios\/radio-observatorio-jicamarca\/index.php?rest_route=\/wp\/v2\/pages\/2125\/revisions\/14734"}],"up":[{"embeddable":true,"href":"https:\/\/www.igp.gob.pe\/observatorios\/radio-observatorio-jicamarca\/index.php?rest_route=\/wp\/v2\/pages\/2361"}],"wp:attachment":[{"href":"https:\/\/www.igp.gob.pe\/observatorios\/radio-observatorio-jicamarca\/index.php?rest_route=%2Fwp%2Fv2%2Fmedia&parent=2125"}],"curies":[{"name":"wp","href":"https:\/\/api.w.org\/{rel}","templated":true}]}}